{"id":285,"date":"2024-05-26T21:14:33","date_gmt":"2024-05-26T21:14:33","guid":{"rendered":"https:\/\/colectivosemilla.revistacitrico.com\/?page_id=285"},"modified":"2025-05-11T04:19:12","modified_gmt":"2025-05-11T04:19:12","slug":"yo-quiero-ser","status":"publish","type":"page","link":"https:\/\/colectivosemilla.revistacitrico.com\/index.php\/yo-quiero-ser\/","title":{"rendered":"Semillas de Sue\u00f1os"},"content":{"rendered":"<p>[et_pb_section fb_built=\u00bb1&#8243; disabled_on=\u00bbon|on|off\u00bb admin_label=\u00bbHeader\u00bb _builder_version=\u00bb4.25.1&#8243; _module_preset=\u00bbdefault\u00bb background_color=\u00bb#0C71C3&#8243; background_enable_image=\u00bboff\u00bb min_height=\u00bb260px\u00bb height=\u00bb229px\u00bb max_height=\u00bb1000px\u00bb overflow-x=\u00bbhidden\u00bb overflow-y=\u00bbhidden\u00bb collapsed=\u00bbon\u00bb global_colors_info=\u00bb{}\u00bb][et_pb_row make_equal=\u00bbon\u00bb _builder_version=\u00bb4.25.1&#8243; _module_preset=\u00bbdefault\u00bb custom_margin=\u00bb76px||||false|false\u00bb global_colors_info=\u00bb{}\u00bb][et_pb_column type=\u00bb4_4&#8243; _builder_version=\u00bb4.23.1&#8243; _module_preset=\u00bbdefault\u00bb z_index=\u00bb10&#8243; global_colors_info=\u00bb{}\u00bb][et_pb_text _builder_version=\u00bb4.25.1&#8243; _module_preset=\u00bbbe4321ae-4863-4587-a5a2-13fbc36ae8f4&#8243; header_3_font=\u00bbCormorant Garamond|700|||||||\u00bb header_3_text_align=\u00bbcenter\u00bb header_3_text_color=\u00bb#FFFFFF\u00bb header_3_font_size=\u00bb100px\u00bb header_3_line_height=\u00bb1.1em\u00bb transform_scale=\u00bb110%|110%\u00bb custom_margin=\u00bb||10px||false|false\u00bb header_3_text_shadow_style=\u00bbpreset3&#8243; header_3_text_shadow_color=\u00bbrgba(12,113,195,0.63)\u00bb global_colors_info=\u00bb{}\u00bb]<\/p>\n<h3>Semillas de Sue\u00f1os<\/h3>\n<p>[\/et_pb_text][\/et_pb_column][\/et_pb_row][\/et_pb_section][et_pb_section fb_built=\u00bb1&#8243; disabled_on=\u00bboff|off|on\u00bb admin_label=\u00bbHeader\u00bb _builder_version=\u00bb4.25.1&#8243; _module_preset=\u00bbdefault\u00bb background_color=\u00bb#0C71C3&#8243; background_enable_image=\u00bboff\u00bb min_height=\u00bb260px\u00bb height=\u00bb229px\u00bb max_height=\u00bb1000px\u00bb overflow-x=\u00bbhidden\u00bb overflow-y=\u00bbhidden\u00bb collapsed=\u00bbon\u00bb global_colors_info=\u00bb{}\u00bb][et_pb_row make_equal=\u00bbon\u00bb _builder_version=\u00bb4.25.1&#8243; _module_preset=\u00bbdefault\u00bb custom_margin=\u00bb76px||||false|false\u00bb global_colors_info=\u00bb{}\u00bb][et_pb_column type=\u00bb4_4&#8243; _builder_version=\u00bb4.23.1&#8243; _module_preset=\u00bbdefault\u00bb z_index=\u00bb10&#8243; global_colors_info=\u00bb{}\u00bb][et_pb_text _builder_version=\u00bb4.25.1&#8243; _module_preset=\u00bbbe4321ae-4863-4587-a5a2-13fbc36ae8f4&#8243; header_3_font=\u00bbCormorant Garamond|700|||||||\u00bb header_3_text_align=\u00bbcenter\u00bb header_3_text_color=\u00bb#FFFFFF\u00bb header_3_font_size=\u00bb57px\u00bb header_3_line_height=\u00bb1.1em\u00bb transform_scale=\u00bb110%|110%\u00bb custom_margin=\u00bb-57px||10px||false|false\u00bb header_3_text_shadow_style=\u00bbpreset3&#8243; header_3_text_shadow_color=\u00bbrgba(12,113,195,0.63)\u00bb global_colors_info=\u00bb{}\u00bb]<\/p>\n<h3>Semillas de Sue\u00f1os<\/h3>\n<p>[\/et_pb_text][\/et_pb_column][\/et_pb_row][\/et_pb_section][et_pb_section fb_built=\u00bb1&#8243; disabled_on=\u00bbon|on|off\u00bb admin_label=\u00bbAbout &#038; Video\u00bb _builder_version=\u00bb4.25.1&#8243; _module_preset=\u00bbdefault\u00bb background_color=\u00bb#0C71C3&#8243; background_enable_image=\u00bboff\u00bb background_size=\u00bbcustom\u00bb background_image_width=\u00bb12%\u00bb background_position=\u00bbbottom_right\u00bb background_horizontal_offset=\u00bb30px\u00bb background_vertical_offset=\u00bb30px\u00bb min_height=\u00bb1167px\u00bb height=\u00bb1000px\u00bb custom_margin=\u00bb-109px||||false|false\u00bb top_divider_color=\u00bb#FFFFFF\u00bb top_divider_height=\u00bb137px\u00bb collapsed=\u00bbon\u00bb global_colors_info=\u00bb{%22gcid-d214ab81-0383-475f-b48e-2c27b44bd017%22:%91%22background_color%22%93}\u00bb][et_pb_row _builder_version=\u00bb4.25.1&#8243; _module_preset=\u00bbdefault\u00bb max_width=\u00bb800px\u00bb min_height=\u00bb100px\u00bb height=\u00bb319px\u00bb custom_margin=\u00bb88px||||false|false\u00bb global_colors_info=\u00bb{}\u00bb][et_pb_column type=\u00bb4_4&#8243; _builder_version=\u00bb4.23.1&#8243; _module_preset=\u00bbdefault\u00bb global_colors_info=\u00bb{}\u00bb][et_pb_text _builder_version=\u00bb4.27.0&#8243; _module_preset=\u00bbbcb0c00c-1592-4bd9-87ab-bccb5e6ab632&#8243; header_3_font=\u00bbCormorant Garamond||||||||\u00bb header_4_font=\u00bbCormorant Garamond|600|||||||\u00bb header_4_text_color=\u00bb#FFFFFF\u00bb header_4_font_size=\u00bb52px\u00bb text_orientation=\u00bbcenter\u00bb width=\u00bb100%\u00bb custom_margin=\u00bb||10px||false|false\u00bb global_colors_info=\u00bb{}\u00bb]<\/p>\n<h4>Cuando sea grande quiero ser&#8230;<\/h4>\n<p>[\/et_pb_text][et_pb_divider color=\u00bb#FFFFFF\u00bb divider_style=\u00bbdotted\u00bb divider_weight=\u00bb6px\u00bb _builder_version=\u00bb4.25.1&#8243; _module_preset=\u00bbdefault\u00bb width=\u00bb100%\u00bb global_colors_info=\u00bb{}\u00bb][\/et_pb_divider][et_pb_text _builder_version=\u00bb4.27.3&#8243; _module_preset=\u00bbdefault\u00bb header_4_font=\u00bb&#8211;et_global_body_font||||||||\u00bb header_4_text_align=\u00bbleft\u00bb header_4_text_color=\u00bb#FFFFFF\u00bb header_4_font_size=\u00bb24px\u00bb width=\u00bb76%\u00bb module_alignment=\u00bbcenter\u00bb custom_margin=\u00bb|||-3px|false|false\u00bb custom_padding=\u00bb|||19px|false|false\u00bb hover_enabled=\u00bb0&#8243; global_colors_info=\u00bb{}\u00bb sticky_enabled=\u00bb0&#8243;]<\/p>\n<h4 style=\"text-align: justify;\">Los adolescentes de la Instituci\u00f3n Educativa Municipal San Francisco de As\u00eds, miembros del colectivo Semillas Sembramos, Felicidad Cosechamos, comparten sus sue\u00f1os en el contexto en el que viven, e identifican los beneficios y las dificultades. \u00bfC\u00f3mo se visualizan en el futuro?<\/h4>\n<p>[\/et_pb_text][et_pb_button button_url=\u00bbhttps:\/\/colectivosemilla.revistacitrico.com\/index.php\/el-ser-del-sur\/?et_fb=1&#038;PageSpeed=off\u00bb button_text=\u00bb\u00bfQu\u00e9 oportunidades tienen?\u00bb button_alignment=\u00bbcenter\u00bb _builder_version=\u00bb4.27.3&#8243; _module_preset=\u00bbdefault\u00bb custom_button=\u00bbon\u00bb button_text_size=\u00bb20px\u00bb button_bg_color=\u00bb#FFFFFF\u00bb button_border_radius=\u00bb50px\u00bb button_font=\u00bb&#8211;et_global_body_font||||||||\u00bb button_use_icon=\u00bboff\u00bb custom_margin=\u00bb12px||||false|false\u00bb custom_padding=\u00bb10px||||false|false\u00bb animation_style=\u00bbbounce\u00bb global_colors_info=\u00bb{}\u00bb][\/et_pb_button][et_pb_video src=\u00bbhttps:\/\/www.youtube.com\/watch?v=e9fi33h39vI&#038;t=6s\u00bb _builder_version=\u00bb4.25.1&#8243; _module_preset=\u00bbdefault\u00bb transform_translate=\u00bb-47px|22px\u00bb transform_translate_linked=\u00bboff\u00bb width=\u00bb68%\u00bb custom_margin=\u00bb16px|||-105px|false|false\u00bb global_colors_info=\u00bb{}\u00bb][\/et_pb_video][et_pb_video src=\u00bbhttps:\/\/www.youtube.com\/watch?v=ZCMONhuCNTE\u00bb _builder_version=\u00bb4.25.1&#8243; _module_preset=\u00bbdefault\u00bb transform_scale_linked=\u00bboff\u00bb transform_translate=\u00bb439px|-307px\u00bb transform_translate_linked=\u00bboff\u00bb width=\u00bb68%\u00bb global_colors_info=\u00bb{}\u00bb][\/et_pb_video][et_pb_video src=\u00bbhttps:\/\/www.youtube.com\/watch?v=Twm-FeKO_bQ\u00bb _builder_version=\u00bb4.25.1&#8243; _module_preset=\u00bbdefault\u00bb transform_translate=\u00bb0px|-295px\u00bb transform_translate_linked=\u00bboff\u00bb width=\u00bb68%\u00bb module_alignment=\u00bbcenter\u00bb global_colors_info=\u00bb{}\u00bb][\/et_pb_video][\/et_pb_column][\/et_pb_row][\/et_pb_section][et_pb_section fb_built=\u00bb1&#8243; disabled_on=\u00bboff|off|on\u00bb admin_label=\u00bbAbout &#038; Video\u00bb _builder_version=\u00bb4.25.1&#8243; _module_preset=\u00bbdefault\u00bb background_color=\u00bb#0C71C3&#8243; background_enable_image=\u00bboff\u00bb background_size=\u00bbcustom\u00bb background_image_width=\u00bb12%\u00bb background_position=\u00bbbottom_right\u00bb background_horizontal_offset=\u00bb30px\u00bb background_vertical_offset=\u00bb30px\u00bb min_height=\u00bb1167px\u00bb height=\u00bb1000px\u00bb custom_margin=\u00bb-109px||||false|false\u00bb top_divider_color=\u00bb#FFFFFF\u00bb top_divider_height=\u00bb137px\u00bb collapsed=\u00bboff\u00bb global_colors_info=\u00bb{%22gcid-d214ab81-0383-475f-b48e-2c27b44bd017%22:%91%22background_color%22%93}\u00bb][et_pb_row _builder_version=\u00bb4.25.1&#8243; _module_preset=\u00bbdefault\u00bb max_width=\u00bb800px\u00bb min_height=\u00bb100px\u00bb height=\u00bb319px\u00bb custom_margin=\u00bb88px||||false|false\u00bb global_colors_info=\u00bb{}\u00bb][et_pb_column type=\u00bb4_4&#8243; _builder_version=\u00bb4.23.1&#8243; _module_preset=\u00bbdefault\u00bb global_colors_info=\u00bb{}\u00bb][et_pb_text _builder_version=\u00bb4.25.1&#8243; _module_preset=\u00bbbcb0c00c-1592-4bd9-87ab-bccb5e6ab632&#8243; header_3_font=\u00bbCormorant Garamond||||||||\u00bb header_3_font_size=\u00bb21px\u00bb header_4_font=\u00bbCormorant Garamond|600|||||||\u00bb header_4_text_color=\u00bb#FFFFFF\u00bb header_4_font_size=\u00bb42px\u00bb text_orientation=\u00bbcenter\u00bb width=\u00bb100%\u00bb custom_margin=\u00bb-52px||10px||false|false\u00bb global_colors_info=\u00bb{}\u00bb]<\/p>\n<h4>Cuando sea grande quiero ser<\/h4>\n<p>[\/et_pb_text][et_pb_divider color=\u00bb#FFFFFF\u00bb divider_style=\u00bbdotted\u00bb divider_weight=\u00bb6px\u00bb _builder_version=\u00bb4.25.1&#8243; _module_preset=\u00bbdefault\u00bb width=\u00bb100%\u00bb global_colors_info=\u00bb{}\u00bb][\/et_pb_divider][et_pb_text _builder_version=\u00bb4.27.3&#8243; _module_preset=\u00bbdefault\u00bb header_4_font=\u00bb&#8211;et_global_body_font||||||||\u00bb header_4_text_align=\u00bbleft\u00bb header_4_text_color=\u00bb#FFFFFF\u00bb header_4_font_size=\u00bb17px\u00bb width=\u00bb100%\u00bb module_alignment=\u00bbcenter\u00bb custom_margin=\u00bb-24px|||-3px|false|false\u00bb custom_padding=\u00bb|||19px|false|false\u00bb hover_enabled=\u00bb0&#8243; global_colors_info=\u00bb{}\u00bb sticky_enabled=\u00bb0&#8243;]<\/p>\n<h4 style=\"text-align: justify;\">Los adolescentes de la Instituci\u00f3n Educativa Municipal San Francisco de As\u00eds, miembros del colectivo Semillas Sembramos, Felicidad Cosechamos, comparten sus sue\u00f1os en el contexto en el que viven, e identifican los beneficios y las dificultades. \u00bfC\u00f3mo se visualizan en el futuro?<\/h4>\n<p>[\/et_pb_text][et_pb_button button_url=\u00bbhttps:\/\/colectivosemilla.revistacitrico.com\/index.php\/el-ser-del-sur\/?et_fb=1&#038;PageSpeed=off\u00bb button_text=\u00bb\u00bfQu\u00e9 oportunidades tienen?\u00bb button_alignment=\u00bbcenter\u00bb _builder_version=\u00bb4.27.3&#8243; _module_preset=\u00bbdefault\u00bb custom_button=\u00bbon\u00bb button_text_size=\u00bb16px\u00bb button_bg_color=\u00bb#FFFFFF\u00bb button_border_radius=\u00bb50px\u00bb button_font=\u00bb&#8211;et_global_body_font||||||||\u00bb button_use_icon=\u00bboff\u00bb transform_translate=\u00bb0px|23px\u00bb transform_translate_linked=\u00bboff\u00bb custom_margin=\u00bb-22px||||false|false\u00bb animation_style=\u00bbbounce\u00bb global_colors_info=\u00bb{}\u00bb][\/et_pb_button][et_pb_video src=\u00bbhttps:\/\/www.youtube.com\/watch?v=e9fi33h39vI&#038;t=6s\u00bb _builder_version=\u00bb4.27.0&#8243; _module_preset=\u00bbdefault\u00bb transform_scale=\u00bb103%|103%\u00bb transform_translate=\u00bb95px|52px\u00bb transform_translate_linked=\u00bboff\u00bb width=\u00bb100%\u00bb custom_margin=\u00bb12px|||-105px|false|false\u00bb global_colors_info=\u00bb{}\u00bb][\/et_pb_video][et_pb_video src=\u00bbhttps:\/\/www.youtube.com\/watch?v=ZCMONhuCNTE\u00bb _builder_version=\u00bb4.27.0&#8243; _module_preset=\u00bbdefault\u00bb transform_translate=\u00bb-2px|303px\u00bb transform_translate_linked=\u00bboff\u00bb width=\u00bb100%\u00bb global_colors_info=\u00bb{}\u00bb][\/et_pb_video][et_pb_video src=\u00bbhttps:\/\/www.youtube.com\/watch?v=Twm-FeKO_bQ\u00bb _builder_version=\u00bb4.27.0&#8243; _module_preset=\u00bbdefault\u00bb transform_scale=\u00bb102%|102%\u00bb transform_translate=\u00bb-4px|-123px\u00bb transform_translate_linked=\u00bboff\u00bb width=\u00bb100%\u00bb module_alignment=\u00bbcenter\u00bb global_colors_info=\u00bb{}\u00bb][\/et_pb_video][\/et_pb_column][\/et_pb_row][\/et_pb_section][et_pb_section fb_built=\u00bb1&#8243; prev_background_color=\u00bb#0C71C3&#8243; disabled_on=\u00bbon|on|off\u00bb _builder_version=\u00bb4.27.0&#8243; _module_preset=\u00bbdefault\u00bb background_image=\u00bbhttp:\/\/colectivosemilla.revistacitrico.com\/wp-content\/uploads\/2024\/08\/DSC_9755-scaled.jpg\u00bb parallax=\u00bbon\u00bb background_enable_video_mp4=\u00bboff\u00bb width=\u00bb100%\u00bb max_width=\u00bb100%\u00bb height=\u00bb906px\u00bb custom_margin=\u00bb7px||||false|false\u00bb top_divider_style=\u00bbramp2&#8243; top_divider_height=\u00bb155px\u00bb top_divider_repeat=\u00bb1x\u00bb global_colors_info=\u00bb{}\u00bb][\/et_pb_section][et_pb_section fb_built=\u00bb1&#8243; disabled_on=\u00bboff|off|on\u00bb _builder_version=\u00bb4.27.0&#8243; _module_preset=\u00bbdefault\u00bb background_image=\u00bbhttp:\/\/colectivosemilla.revistacitrico.com\/wp-content\/uploads\/2024\/08\/DSC_9755-scaled.jpg\u00bb background_enable_video_mp4=\u00bboff\u00bb transform_translate_linked=\u00bboff\u00bb width=\u00bb100%\u00bb max_width=\u00bb100%\u00bb height=\u00bb906px\u00bb custom_margin=\u00bb7px||||false|false\u00bb top_divider_style=\u00bbramp2&#8243; top_divider_color=\u00bb#0C71C3&#8243; top_divider_height=\u00bb155px\u00bb top_divider_repeat=\u00bb1x\u00bb global_colors_info=\u00bb{}\u00bb][\/et_pb_section]<\/p>\n","protected":false},"excerpt":{"rendered":"<p>Semillas de Sue\u00f1osSemillas de Sue\u00f1osCuando sea grande quiero ser&#8230;Los adolescentes de la Instituci\u00f3n Educativa Municipal San Francisco de As\u00eds, miembros del colectivo Semillas Sembramos, Felicidad Cosechamos, comparten sus sue\u00f1os en el contexto en el que viven, e identifican los beneficios y las dificultades. \u00bfC\u00f3mo se visualizan en el futuro?Cuando sea grande quiero serLos adolescentes de [&hellip;]<\/p>\n","protected":false},"author":1,"featured_media":0,"parent":0,"menu_order":0,"comment_status":"closed","ping_status":"closed","template":"","meta":{"_et_pb_use_builder":"on","_et_pb_old_content":"","_et_gb_content_width":"","footnotes":""},"_links":{"self":[{"href":"https:\/\/colectivosemilla.revistacitrico.com\/index.php\/wp-json\/wp\/v2\/pages\/285"}],"collection":[{"href":"https:\/\/colectivosemilla.revistacitrico.com\/index.php\/wp-json\/wp\/v2\/pages"}],"about":[{"href":"https:\/\/colectivosemilla.revistacitrico.com\/index.php\/wp-json\/wp\/v2\/types\/page"}],"author":[{"embeddable":true,"href":"https:\/\/colectivosemilla.revistacitrico.com\/index.php\/wp-json\/wp\/v2\/users\/1"}],"replies":[{"embeddable":true,"href":"https:\/\/colectivosemilla.revistacitrico.com\/index.php\/wp-json\/wp\/v2\/comments?post=285"}],"version-history":[{"count":56,"href":"https:\/\/colectivosemilla.revistacitrico.com\/index.php\/wp-json\/wp\/v2\/pages\/285\/revisions"}],"predecessor-version":[{"id":787,"href":"https:\/\/colectivosemilla.revistacitrico.com\/index.php\/wp-json\/wp\/v2\/pages\/285\/revisions\/787"}],"wp:attachment":[{"href":"https:\/\/colectivosemilla.revistacitrico.com\/index.php\/wp-json\/wp\/v2\/media?parent=285"}],"curies":[{"name":"wp","href":"https:\/\/api.w.org\/{rel}","templated":true}]}}